{"id":119,"date":"2019-02-14T22:32:18","date_gmt":"2019-02-14T22:32:18","guid":{"rendered":"https:\/\/konferencija.mensa.rs\/?page_id=119"},"modified":"2022-03-28T22:37:31","modified_gmt":"2022-03-28T21:37:31","slug":"darovitost-potrebe-21-veka","status":"publish","type":"page","link":"https:\/\/konferencija.mensa.rs\/?page_id=119","title":{"rendered":"3. konferencija 2019."},"content":{"rendered":"<h4><\/h4>\n<p><img decoding=\"async\" loading=\"lazy\" class=\" wp-image-12 aligncenter\" src=\"https:\/\/konferencija.mensa.rs\/wp-content\/uploads\/2017\/12\/cropped-znak-Mense-2-300x240.jpg\" alt=\"\" width=\"139\" height=\"111\" srcset=\"https:\/\/konferencija.mensa.rs\/wp-content\/uploads\/2017\/12\/cropped-znak-Mense-2-300x240.jpg 300w, https:\/\/konferencija.mensa.rs\/wp-content\/uploads\/2017\/12\/cropped-znak-Mense-2.jpg 312w\" sizes=\"(max-width: 139px) 100vw, 139px\" \/><\/p>\n<h4 style=\"text-align: center;\">Udru\u017eenje gra\u0111ana Mensa Srbije<\/h4>\n<h4 style=\"text-align: center;\">i partneri<\/h4>\n<h4 style=\"text-align: center;\">pozivaju Vas na<\/h4>\n<h2 style=\"text-align: center;\"><strong>Tre\u0107u me\u0111unarodnu <\/strong><\/h2>\n<h2 style=\"text-align: center;\"><strong>stru\u010dno-nau\u010dnu konferenciju <\/strong><\/h2>\n<h2 style=\"text-align: center;\"><strong>\u201cDarovitost \u2013 potrebe 21. veka\u201d<\/strong><\/h2>\n<h1 style=\"text-align: center;\"><strong><img decoding=\"async\" loading=\"lazy\" class=\"alignnone wp-image-14\" src=\"https:\/\/konferencija.mensa.rs\/wp-content\/uploads\/2017\/12\/222-mini.jpg\" alt=\"\" width=\"180\" height=\"180\" srcset=\"https:\/\/konferencija.mensa.rs\/wp-content\/uploads\/2017\/12\/222-mini.jpg 260w, https:\/\/konferencija.mensa.rs\/wp-content\/uploads\/2017\/12\/222-mini-150x150.jpg 150w, https:\/\/konferencija.mensa.rs\/wp-content\/uploads\/2017\/12\/222-mini-100x100.jpg 100w\" sizes=\"(max-width: 180px) 100vw, 180px\" \/>\u00a0<\/strong><\/h1>\n<h4 style=\"text-align: center;\"><strong>3\u00a0 \u2013 5. oktobar 2019. godine, Kru\u0161evac<\/strong><\/h4>\n<h4 style=\"text-align: center;\"><\/h4>\n<h4 style=\"text-align: center;\"><strong>Mesto<\/strong>: Sala Gradske skup\u0161tine i prostorije Regionalne privredne komore, Kru\u0161evac, Srbija.<\/h4>\n<h3><a href=\"https:\/\/drive.google.com\/open?id=1adjAS_5x_6MG5ejm4lxKrez1cXhaaDet\">Zaklju\u010dci konferencije<\/a><\/h3>\n<h3><a href=\"https:\/\/drive.google.com\/file\/d\/1UuWJUfjRpsfRKkVNu7o8dvoz5VQUJEBX\/view?usp=sharing\"><strong>Zbornik sa\u017eetaka konferencije &#8220;Darovitost &#8211; potrebe 21. veka&#8221;<\/strong><\/a><\/h3>\n<h3><strong><a href=\"https:\/\/drive.google.com\/file\/d\/1nc8STZGSD0f4CnjaMKyVHlzUeNVyD7Ql\/view?usp=sharing\">Tematski zbornik &#8220;Darovitost &#8211; potrebe 21. veka&#8221;<\/a><\/strong><\/h3>\n<h4 style=\"text-align: left;\"><span style=\"color: #000000;\"><a style=\"color: #000000;\" href=\"https:\/\/drive.google.com\/open?id=1kYZu3117grru8TAzlJ7Tat--hhPMYc2y\">Program konferencije<\/a><\/span><\/h4>\n<p><strong>Cilj konferencije:<\/strong><\/p>\n<p style=\"text-align: justify;\">Cilj ovogodi\u0161nje konferencije je razmatranje teorijskih saznanja o darovitosti, kreativnosti, inovativnosti i talentima i njihove prakti\u010dne primene u radu sa darovitima, kreativnima, inovativnima i talentovanima. Osim zna\u010dajnih tema koje se ti\u010du identifikacije, obrazovanja, potreba i specifi\u010dnosti darovitih, ove godine posebnu pa\u017enju \u017eelimo da posvetimo potrebama sada\u0161njeg vremena i budu\u0107nosti i uslova u kojima daroviti, kreativni i inovativni pojedinci mogu iskazati svoje sposobnosti, ve\u0161tine i znanja i doprineti uspehu kompanija.<\/p>\n<p style=\"text-align: justify;\"><strong>U\u010desnici:<\/strong> Konferencija je namenjena vaspita\u010dima, u\u010diteljima, nastavnicima, stru\u010dnim saradnicima, defektolozima, lekarima, zaposlenima u javnim servisima, administracijama i upravama, medijskim radnicima, studentima i svima drugima koji se u svom radu susre\u0107u i bave darovitom decom, mladima i odraslima, iz zemlje i inostranstva.<\/p>\n<p style=\"text-align: justify;\"><strong>Jezici<\/strong> Konferencije: srpski, hrvatski, bosanski i engleski.<\/p>\n<p style=\"text-align: justify;\"><strong>Konferencija \u0107e biti akreditovana<\/strong> kao oblik stru\u010dnog usavr\u0161avanja zaposlenih u obrazovno-vaspitnim ustanovama u Republici Srbiji.<\/p>\n<p style=\"text-align: justify;\"><strong>Pozivamo Vas da prijavite svoje u\u010de\u0161\u0107e na Konferenciji<\/strong> u formi usmenog izlaganja, poster prezentacije, radionice, ili da u\u010destvujete kao slu\u0161alac, bez izlaganja.<\/p>\n<p style=\"text-align: justify;\">Svoja izlaganja mo\u017eete prijaviti na neku od slede\u0107ih podtema:<br \/>\n&#8211; Darovitost \u2013 pojam i terminologija,<br \/>\n&#8211; Vaspitno-obrazovni rad sa darovitima,<br \/>\n&#8211; Aktuelni i alternativni pristupi u radu sa darovitima,<br \/>\n&#8211; Prepoznavanje i identifikacija darovite dece, mladih i odraslih,<br \/>\n&#8211; Porodica i daroviti,<br \/>\n&#8211; Dodatna podr\u0161ka darovitim osobama,<br \/>\n&#8211; Eti\u010dka pitanja o darovitima,<br \/>\n&#8211; Stimulativni programi za darovite,<br \/>\n&#8211; Osna\u017eivanje profesionalaca za rad sa darovitima,<br \/>\n&#8211; Odnos dru\u0161tva prema darovitima,<br \/>\n&#8211; Zajedni\u010dki interesi poslodavaca i darovitih,<br \/>\n&#8211; Doprinos darovitih uspehu kompanija.<br \/>\n&#8211; i druge relevantne teme.<\/p>\n<p style=\"text-align: justify;\"><strong>Va\u017eni datumi:<\/strong><\/p>\n<p style=\"text-align: justify;\">&#8211; PRODU\u017dEN ROK!!! do <strong><del>01<\/del>. <span style=\"color: #ff0000;\">10. juna<\/span> 2019.<\/strong> &#8211; prijava sa\u017eetka\/apstrakta (<a href=\"https:\/\/docs.google.com\/forms\/d\/e\/1FAIpQLSeOEVj2YhS5PSvkV_qApqLKXxcEPrOhth033nTYo3mi-ZnOsw\/viewform\">putem prijavne forme<\/a>);<br \/>\n&#8211; <strong><del>15<\/del>. <span style=\"color: #ff0000;\">20.<\/span> juna 2019<\/strong>. &#8211; obave\u0161tenje o prihvatanju sa\u017eetka;<br \/>\n&#8211; <strong><del>20<\/del>. <span style=\"color: #ff0000;\">27.<\/span> juna 2019.<\/strong> &#8211; rok za korekciju sa\u017eetaka;<br \/>\n&#8211; do <strong>20. septembra 2019.<\/strong> &#8211;<strong> prijava u\u010de\u0161\u0107a bez izlaganja<\/strong> (putem <a href=\"https:\/\/docs.google.com\/forms\/d\/e\/1FAIpQLSeOEVj2YhS5PSvkV_qApqLKXxcEPrOhth033nTYo3mi-ZnOsw\/viewform\">prijavne forme<\/a>);<br \/>\n&#8211; Uplata kotizacije: <strong>do 1. jula 2019. godine<\/strong> &#8211; rok za rane uplate po ni\u017eoj ceni<br \/>\ndo <strong>27. septembra 2019. godine<\/strong> &#8211; rok za uplate po redovnoj ceni.<\/p>\n<p style=\"text-align: justify;\">Molimo sve u\u010desnike<strong> koji prijavljuju svoje u\u010de\u0161\u0107e<\/strong>, da to u\u010dine popunjavanjem <a href=\"https:\/\/docs.google.com\/forms\/d\/e\/1FAIpQLSeOEVj2YhS5PSvkV_qApqLKXxcEPrOhth033nTYo3mi-ZnOsw\/viewform\">prijavne forme<\/a>.<\/p>\n<p style=\"text-align: justify;\"><strong>Iznos kotizacije po osobi<\/strong> za u\u010de\u0161\u0107e na trodnevnoj konferenciji, u zavisnosti od datuma uplate i kategorije u\u010desnika:<\/p>\n<h4 style=\"text-align: justify;\"><img decoding=\"async\" loading=\"lazy\" class=\"alignnone wp-image-143\" src=\"https:\/\/konferencija.mensa.rs\/wp-content\/uploads\/2019\/04\/kotizacija-300x101.jpg\" alt=\"\" width=\"668\" height=\"225\" srcset=\"https:\/\/konferencija.mensa.rs\/wp-content\/uploads\/2019\/04\/kotizacija-300x101.jpg 300w, https:\/\/konferencija.mensa.rs\/wp-content\/uploads\/2019\/04\/kotizacija.jpg 632w\" sizes=\"(max-width: 668px) 100vw, 668px\" \/><\/h4>\n<p style=\"text-align: justify;\"><strong>Kotizacija obuhvata:<\/strong><br \/>\n&#8211; Prisustvo, pra\u0107enje i\/ili u\u010de\u0161\u0107e u radu Konferencije,<br \/>\n&#8211; \u0160tampani program Konferencije,<br \/>\n&#8211; Sertifikat o u\u010de\u0161\u0107u i Uverenje o poha\u0111anom obliku stru\u010dnog usavr\u0161avanja za zaposlene u obrazovno-vaspitnim ustanovama u Republici Srbiji,<br \/>\n&#8211; Prate\u0107i radni materijal,<br \/>\n&#8211; Prevod izlaganja na sprski tj engleski jezik,<br \/>\n&#8211; Koktel dobrodo\u0161lice,<br \/>\n&#8211; Osve\u017eenja u radnim pauzama.<\/p>\n<p style=\"text-align: justify;\"><strong>Preporu\u010deni sme\u0161taj<\/strong><\/p>\n<p style=\"text-align: justify;\">Za u\u010desnike kojima je potreban sme\u0161taj u Kru\u0161evcu tokom trajanja Konferencije, preporu\u010dujemo slede\u0107e sme\u0161tajne objekte:<\/p>\n<p style=\"text-align: justify;\"><a href=\"http:\/\/www.hotelgolf.co.rs\">Hotel Golf\u00a0<\/a>\u00a0 Hotel ima dve celine od kojih je jedan sa 2* (dvokrevetna soba sa doru\u010dkom 4.200 RSD), a drugi sa 3*(dvokrevetna soba sa doru\u010dkom 5.200 RSD)<br \/>\nRezervacije na: info@hotelgolf.co.rs<\/p>\n<p style=\"text-align: justify;\"><a href=\"http:\/\/hotelbiser.rs\">Hotel Biser<\/a>\u00a0 Sme\u0161taj u dvokrevetnoj sobi bez doru\u010dka iznosi 5.000 RSD, doru\u010dak je 250 RSD.<br \/>\nRezervacije na: info@hotelbiser.rs<\/p>\n<p style=\"text-align: justify;\"><a href=\"http:\/\/www.cityhotel.rs\">City Hotel<\/a>\u00a0 Sme\u0161taj sa doru\u010dkom u dvokrevetnoj sobi iznosi 4.400 RSD<br \/>\nRezervacije na: jetcitydoo@gmail.com<\/p>\n<p style=\"text-align: justify;\"><a href=\"https:\/\/www.lukas.rs\/\">LUKAS<\/a>\u00a0 Rezervacije na: rezervacije@lukas.rs<\/p>\n<p style=\"text-align: justify;\">Navedene cene sme\u0161taja su za jednu no\u0107. Prilikom rezervacije napomenite da ste u\u010desnici konferencije. Pla\u0107anje \u0107ete vr\u0161ite direktno hotelu.<\/p>\n<p style=\"text-align: justify;\"><strong>Prijave i na\u010din uplate kotizacije<\/strong><\/p>\n<p style=\"text-align: justify;\">Prijavite svoje u\u010de\u0161\u0107e na Konferenciji najkasnije do 1o. juna (ukoliko prijavljujete izlaganje) ili do 20. septembra 2019. godine (ukoliko ste u\u010desnik bez izlaganja) popunjavanjem prijavne forme. Nakon popunjavanja prijavne forme, na svoju e-mail adresu dobi\u0107ete predra\u010dun i uputstva za uplatu kotizacije.<\/p>\n<p style=\"text-align: justify;\"><strong>Uputstvo za prijavu izlaganja\/aktivnog u\u010de\u0161\u0107a<\/strong><\/p>\n<p style=\"text-align: justify;\">U\u010de\u0161\u0107e na Konferenciji sa izlaganjem prijavljuje se popunjavanjem prijavne forme i dostavljanjem sa\u017eetka izlaganja (za sve oblike izlaganja i u\u010de\u0161\u0107a: usmena, poster, radionice) do 10. juna 2019. godine na adresu konferencija@mensa.rs<\/p>\n<p style=\"text-align: justify;\">Sa\u017eeci usmenih izlaganja nau\u010dnih\/stru\u010dnih radova i poster prezentacija prijavljenih za Konferenciju &#8220;Darovitost \u2013 potrebe 21. veka&#8221; \u0107e nakon recenzentskog postupka i lekture biti objavljeni u <strong>Zborniku sa\u017eetaka Konferencije &#8220;Darovitost \u2013 potrebe 21. veka&#8221;<\/strong>. Sa\u017eeci autora koji ne uplate kotizaciju za u\u010de\u0161\u0107e na Konferenciji do 20.09.2019. ne\u0107e biti \u0161tampani u Zborniku sa\u017eetaka.<\/p>\n<p style=\"text-align: justify;\">Sa\u017eetak\/abstract se prijavljuje na dva zvani\u010dna jezika Konferencije (srpskom\/hrvatskom\/bosanskom i engleskom) i treba da ima slede\u0107e odlike:<br \/>\nPismo: latini\u010dno<br \/>\nObim: do 500 re\u010di<br \/>\nFormat: Word<br \/>\nFont: Times New Roman<br \/>\nProred: 1,0<br \/>\nVeli\u010dina slova:<br \/>\n\u2212 Naslov (srspki\/hrvatski\/bosanski i engleski), 14 pt, bold<br \/>\n\u2212 Autori sa afilijacijama (srpski\/hrvatski\/bosanski i engleski), 12 pt, regular<br \/>\n\u2212 Sa\u017eetak i abstract (do 500 re\u010di), 12 pt, regular<br \/>\n\u2212 Klju\u010dne re\u010di i Key words (od 3 do 5), 12 pt, italic.<\/p>\n<p style=\"text-align: justify;\">Sa\u017eetak pisati po\u0161tuju\u0107i IMRAD format (izdvojiti: cilj rada\/istra\u017eivanja, metod, rezultate i zaklju\u010dak ili odre\u0111ene preporuke). Sa\u017eetak ne sadr\u017ei reference.<br \/>\nSa\u017eetak\/abstract <strong>za radionicu<\/strong> treba da sadr\u017ei naziv radionice, autore-voditelje radionice i afilijacije, cilj i ishode radionice (na srpskom\/hrvatskom\/bosanskom i na engleskom jeziku). Nazna\u010diti maksimalan broj u\u010desnika.<\/p>\n<p style=\"text-align: justify;\"><strong>Op\u0161te napomene:<\/strong><br \/>\nJedan autor se mo\u017ee prijaviti sa najvi\u0161e dva sa\u017eetka, bez obzira na formu izlaganja (bilo kao autor ili koautor). Maksimalan broj autora po jednom radu je \u010detiri.<br \/>\nSvi prijavljeni radovi se upu\u0107uju na anonimnu recenzenziju na ocenu zadovoljenosti uslova za izlaganje na Konferenciji i \u0161tampanje u Zborniku sa\u017eetaka \u201eDarovitost \u2013 potrebe 21. veka\u201d.<br \/>\nTekstovi sa\u017eetaka \u0107e biti podvrgnuti jezi\u010dkom lektorisanju.<\/p>\n<p style=\"text-align: justify;\"><strong>Uputstva za izlaga\u010de:<\/strong><br \/>\nDu\u017eina usmenih izlaganja ograni\u010dena je na 10 minuta uz 5 minuta za diskusiju i pitanja. Prezentacije u power pointu dostaviti na mail adresu <a href=\"mailto:konferencija@mensa.rs\">konferencija@mensa.rs<\/a> 2 dana pre po\u010detka konferencije.<br \/>\n<strong>Poster prezentacije<\/strong> mogu biti maksimalne veli\u010dine 80x110cm, portret ili landscape pozicije, jasno vidljivog teksta sa udaljenosti od 2m. Poster prezentacije autori li\u010dno donose na Konferenciju. U predvi\u0111enom vremenu prema Programu Konferencije u obavezi su da budu pored poster prezentacija zbog komunikacije sa zainteresovanim u\u010desnicima. Nakon predvi\u0111enog vremena izlaganja poster prezentacija, autori uklanjaju svoje postere.<br \/>\nPrijavljena <strong>radionica<\/strong> vremenski je ograni\u010dena na 45 minuta.<\/p>\n<p style=\"text-align: justify;\">Ukoliko ste zainteresovani da predstavite stru\u010dnu literaturu, didakti\u010dki materijal ili drugi sadr\u017eaj od zna\u010daja za rad sa darovitima i temu Konferencije, molimo da se obratite organizatoru putem maila <a href=\"mailto:konferencija@mensa.rs\">konferencija@mensa.rs<\/a> najkasnije do 20. septembra 2019. godine.<\/p>\n<p style=\"text-align: justify;\">Sve dodatne informacije na <a href=\"https:\/\/konferencija.mensa.rs\">web stranici Konferencije<\/a> i putem mejl adrese: <a href=\"mailto:konferencija@mensa.rs\">konferencija@mensa.rs<\/a><\/p>\n<p style=\"text-align: justify;\"><strong>Program Konferencije<\/strong><br \/>\nProgram Konferencije \u0107e biti objavljen na <a href=\"https:\/\/konferencija.mensa.rs\">web stranici Konferencije<\/a> najkasnije do 25. septembra 2019. godine.<\/p>\n<p style=\"text-align: justify;\">O\u010dekuju\u0107i Va\u0161u prijavu za u\u010de\u0161\u0107e na Konferenciji i susret sa Vama u Kru\u0161evcu, srda\u010dno Vas pozdravljamo!<\/p>\n<p style=\"text-align: justify;\">Organizacioni odbor Konferencije<\/p>\n<h3 style=\"text-align: center;\"><span style=\"color: #ff0000;\"><strong>POZIV I UPUTSTVO ZA PRIJAVU RADOVA ZA<\/strong><\/span><\/h3>\n<h3 style=\"text-align: center;\"><span style=\"color: #ff0000;\"><strong>TEMATSKI ZBORNIK RADOVA<\/strong><\/span><\/h3>\n<h3 style=\"text-align: center;\"><span style=\"color: #ff0000;\"><strong>\u00a0\u201eDAROVITOST \u2013 POTREBE 21. VEKA\/ GIFTEDNESS \u2013 NEEDS OF THE 21st CENTURY\u201d<\/strong><\/span><\/h3>\n<p style=\"text-align: justify;\">Po\u0161tovani, najavljujemo da je u pripremi Tematski zbornik radova od me\u0111unarodnog zna\u010daja na temu \u201eDarovitost \u2013 potrebe 21. veka\u201d u kojem \u0107e biti objavljeni recenzirani originalni nau\u010dni i stru\u010dni radovi.<\/p>\n<p style=\"text-align: justify;\">Pozivamo Vas da prijavite svoje radove za objavljivanje u Tematskom zborniku elektronskim slanjem Va\u0161ih radova na adresu: <a href=\"mailto:konferencija@mensa.rs\">konferencija@mensa.rs<\/a> , <strong>sa naznakom \u201cRad za Tematski zbornik\u201d, najkasnije do 20. avgusta 2019. godine<\/strong>.<\/p>\n<p style=\"text-align: justify;\">Rad \u0107e recenzirati kompetentni doma\u0107i i me\u0111unarodni recenzenti. Jezik objavljivanja radova je srpski i engleski.<\/p>\n<p style=\"text-align: justify;\">Jedan autor\/koautor se mo\u017ee pojaviti na najvi\u0161e dva (2) rada. Broj autora i koautora: najvi\u0161e tri (3) na jednom radu<\/p>\n<p style=\"text-align: justify;\"><strong>Radovi moraju imati slede\u0107e karakteristike:<\/strong><\/p>\n<p style=\"text-align: justify;\">Jezik: srpski ili engleski, sa sa\u017eetkom\/abstraktom na oba jezika.<\/p>\n<p style=\"text-align: justify;\">Obim: do 10 stranica A4 formata (orginalni nau\u010dni rad), 5-10 stranica (stru\u010dni i pregledni rad). 1800 karaktera je jedna strana.<\/p>\n<p style=\"text-align: justify;\">Format: Word<\/p>\n<p style=\"text-align: justify;\">Font: Times New Roman,<\/p>\n<p style=\"text-align: justify;\">Prored: 1,5<\/p>\n<p style=\"text-align: justify;\">Slike i grafikoni: Ilustracije, fotografije, tabelarni i sli\u010dni prilozi dostavljaju se uz tekst obavezno kao prilog. Oni moraju da budu u formatu i rezoluciji pogodnoj za \u0161tampu. U cilju po\u0161tovanja kvaliteta \u0161tampe molimo vas da, prilikom njihovog slanja, po\u0161tujete slede\u0107u proceduru:<\/p>\n<p style=\"text-align: justify;\">Ilustracije bi trebalo dostavljati u obliku digitalnih slika u jednom od tri ponu\u0111ena formata: eps, tiff ili jpg (maximum quality). Voditi ra\u010duna da \u0107e \u0161tampa biti crno-bela a ne u koloru.<\/p>\n<p style=\"text-align: justify;\">Tabele i grafikone dostaviti tako da se font mo\u017ee prilagoditi dizajnu Zbornika, u .doc ili .xls (Word ili Excel) formatu. Nije dozvoljeno slati tabele i grafikone kao slike uba\u010dene u word dokument.<\/p>\n<p style=\"text-align: justify;\"><strong>\u00a0<\/strong><strong>Rad treba da sadr\u017ei:<\/strong><\/p>\n<p style=\"text-align: justify;\">Naslov na srpskom i na engleskom jeziku, &#8211; 14 pt, bold,<\/p>\n<p style=\"text-align: justify;\">Imena i prezimena svih autora &#8211; 12 pt, regular,<\/p>\n<p style=\"text-align: justify;\">Afilijacije, redosledom: ustanova, grad, dr\u017eava &#8211; 10 pt, regular,<\/p>\n<p style=\"text-align: justify;\">Sa\u017eetak na srpskom i na engleskom jeziku, do 300 re\u010di svaki &#8211; 12pt, regular,<\/p>\n<p style=\"text-align: justify;\"><em>Klju\u010dne re\u010di koje prate sa\u017eetke, do 5 re\u010di &#8211; 12 pt, italic,<\/em><\/p>\n<p style=\"text-align: justify;\">Struktura teksta rada (Uvod, Metod, Rezultati, Diskusija, Zaklju\u010dak) &#8211; 12pt, regular,<\/p>\n<p style=\"text-align: justify;\">Literatura &#8211; 10 pt, regular.<\/p>\n<p style=\"text-align: justify;\">Citatni stil: APA 6<\/p>\n<p style=\"text-align: justify;\">Na kraju rada: Punu po\u0161tansku i e-mail adresu prvog autora &#8211; 12 pt, regular.<\/p>\n<h5 style=\"text-align: justify;\">\u00a0Va\u017eni datumi:<\/h5>\n<ul style=\"text-align: justify;\">\n<li><strong>do 20. avgusta 2019. godine <\/strong>&#8211; prijava rada u celini;<\/li>\n<li><strong>do 10. septembra 2019. godine <\/strong>&#8211; obave\u0161tavanje u\u010desnika da li je rad prihva\u0107en;<\/li>\n<li><strong> septembar 2019. godine<\/strong> \u2013 rok za korekciju i dostavljanje finalnih verzija radova.<\/li>\n<\/ul>\n<h5 style=\"text-align: justify;\"><span style=\"color: #800000;\">&#8211;\u00a0\u00a0\u00a0\u00a0 20. septembar 2019. godine \u2013 uplata naknade za objavljivanje rada.<\/span><\/h5>\n<p style=\"text-align: justify;\">Ukoliko Va\u0161 rad nakon recenzentskog postupka bude prihva\u0107en za publikovanje, bi\u0107e potrebno da uplatite naknadu od 5.000 dinara (za rad autora iz Srbije) ili 70\u20ac (za rad autora van Srbije i me\u0161ovitog sastava autora) za tro\u0161kove publikovanja rada. Ukoliko ste prijavljeni u\u010desnik Konferencije \u201eDarovitost \u2013 potrebe za 21 vek\u201d koja se odr\u017eava u Kru\u0161evcu od 3-5. oktobra 2019. godine, oslobo\u0111eni ste pla\u0107anja ove naknade.<\/p>\n<p style=\"text-align: justify;\">Za jedan rad pla\u0107a se jedna naknada, bez obzira na broj koautora.<\/p>\n<p style=\"text-align: justify;\">Ukoliko ne dobijete svoj primerak Zbornika nakon njegovog predstavljanja na Konferenciji, dostavi\u0107emo Vam jedan primerak \u0161tampanog Tematskog zbornika po\u0161tom, na adresu prvog autora.<\/p>\n<p style=\"text-align: justify;\">Molimo Vas da ne upla\u0107ujete naknadu pre prijema obave\u0161tenja o prihva\u0107enosti Va\u0161eg rada za publikovanje u Tematskom zborniku.<\/p>\n<p style=\"text-align: justify;\">Kontakt: <a href=\"mailto:konferencija@mensa.rs\">konferencija@mensa.rs<\/a><\/p>\n<p style=\"text-align: justify;\">O\u010dekuju\u0107i Va\u0161e radove za Tematski zbornik radova me\u0111unarodnog zna\u010daja \u201eDarovitost \u2013 potrebe 21. veka\u201d,<\/p>\n<p style=\"text-align: justify;\">Srda\u010dno Vas pozdravljamo!<\/p>\n<p style=\"text-align: right;\">Urednice:<\/p>\n<p style=\"text-align: right;\">Dr Lada Marinkovi\u0107<\/p>\n<p style=\"text-align: right;\">Dr Milena Leti\u0107 Lungulov<\/p>\n<p style=\"text-align: left;\"><strong>Partneri konferencije:<\/strong><\/p>\n<p style=\"text-align: justify;\">Visoka \u0161kola strukovnih studija za obrazovanje vaspita\u010da Novi Sad<\/p>\n<p style=\"text-align: justify;\">Dru\u0161tvo defektologa Vojvodine<\/p>\n<p style=\"text-align: justify;\">Udru\u017eenje vaspita\u010da Vojvodine<\/p>\n<p style=\"text-align: justify;\">Nacionalni centar za talente<\/p>\n<p style=\"text-align: justify;\">Fakultet za specijalnu edukaciju i rehabilitaciju Beograd<\/p>\n<p style=\"text-align: justify;\">U\u010diteljski fakultet Univerziteta u Beogradu<\/p>\n<p style=\"text-align: justify;\">Poljoprivredni fakultet u Kru\u0161evcu Univerziteta u Ni\u0161u<\/p>\n<p><img decoding=\"async\" loading=\"lazy\" class=\"wp-image-141 aligncenter\" src=\"https:\/\/konferencija.mensa.rs\/wp-content\/uploads\/2019\/04\/partneri-300x33.jpg\" alt=\"\" width=\"645\" height=\"71\" srcset=\"https:\/\/konferencija.mensa.rs\/wp-content\/uploads\/2019\/04\/partneri-300x33.jpg 300w, https:\/\/konferencija.mensa.rs\/wp-content\/uploads\/2019\/04\/partneri.jpg 634w\" sizes=\"(max-width: 645px) 100vw, 645px\" \/><\/p>\n","protected":false},"excerpt":{"rendered":"<p>Udru\u017eenje gra\u0111ana Mensa Srbije i partneri pozivaju Vas na Tre\u0107u me\u0111unarodnu stru\u010dno-nau\u010dnu konferenciju \u201cDarovitost \u2013 potrebe 21. veka\u201d \u00a0 3\u00a0 \u2013 5. oktobar 2019. godine, Kru\u0161evac Mesto: Sala Gradske skup\u0161tine i prostorije Regionalne privredne komore, Kru\u0161evac, Srbija. Zaklju\u010dci konferencije Zbornik sa\u017eetaka konferencije &#8220;Darovitost &#8211; potrebe 21. veka&#8221; Tematski zbornik &#8220;Darovitost &#8211; potrebe 21. veka&#8221; Program &hellip; <a href=\"https:\/\/konferencija.mensa.rs\/?page_id=119\" class=\"more-link\">Continue reading <span class=\"screen-reader-text\">3. konferencija 2019.<\/span><\/a><\/p>\n","protected":false},"author":2,"featured_media":0,"parent":0,"menu_order":0,"comment_status":"closed","ping_status":"closed","template":"","meta":[],"_links":{"self":[{"href":"https:\/\/konferencija.mensa.rs\/index.php?rest_route=\/wp\/v2\/pages\/119"}],"collection":[{"href":"https:\/\/konferencija.mensa.rs\/index.php?rest_route=\/wp\/v2\/pages"}],"about":[{"href":"https:\/\/konferencija.mensa.rs\/index.php?rest_route=\/wp\/v2\/types\/page"}],"author":[{"embeddable":true,"href":"https:\/\/konferencija.mensa.rs\/index.php?rest_route=\/wp\/v2\/users\/2"}],"replies":[{"embeddable":true,"href":"https:\/\/konferencija.mensa.rs\/index.php?rest_route=%2Fwp%2Fv2%2Fcomments&post=119"}],"version-history":[{"count":21,"href":"https:\/\/konferencija.mensa.rs\/index.php?rest_route=\/wp\/v2\/pages\/119\/revisions"}],"predecessor-version":[{"id":255,"href":"https:\/\/konferencija.mensa.rs\/index.php?rest_route=\/wp\/v2\/pages\/119\/revisions\/255"}],"wp:attachment":[{"href":"https:\/\/konferencija.mensa.rs\/index.php?rest_route=%2Fwp%2Fv2%2Fmedia&parent=119"}],"curies":[{"name":"wp","href":"https:\/\/api.w.org\/{rel}","templated":true}]}}